{"id":340,"date":"2025-01-31T12:56:03","date_gmt":"2025-01-31T12:56:03","guid":{"rendered":"https:\/\/www.sepyn.com.ar\/public_html\/?page_id=340"},"modified":"2025-01-31T12:56:04","modified_gmt":"2025-01-31T12:56:04","slug":"historia","status":"publish","type":"page","link":"https:\/\/www.sepyn.com.ar\/public_html\/historia\/","title":{"rendered":"HISTORIA"},"content":{"rendered":"\n<p>Inaugurado en febrero del 2011, equipado para ofrecer, con eficacia y excelencia una r\u00e1pida resoluci\u00f3n de todos los problemas cl\u00ednicos y quir\u00fargicos del \u00e1rea infantil desde la m\u00e1s baja hasta la m\u00e1s alta complejidad.<\/p>\n\n\n\n<p>El Servicio de Pediatr\u00eda est\u00e1 abierto a m\u00e1s de 40 obras sociales de todo el pa\u00eds.<\/p>\n\n\n\n<p>Actualmente, el plantel profesional est\u00e1 compuesto por un numeroso cuerpo m\u00e9dico de planta y especialistas, as\u00ed como un equipo interdisciplinario altamente calificado integrado por enfermeros, psic\u00f3logos, kinesi\u00f3logos, entre otros.<\/p>\n\n\n\n<p>Los profesionales que conforman este equipo han sido elegidos teniendo en cuenta su experiencia, conocimiento, vocaci\u00f3n y trato para con las infancias y su familia.<\/p>\n\n\n\n<p>Nuestro cuerpo m\u00e9dico se actualiza permanentemente a trav\u00e9s de una capacitaci\u00f3n continua, colaborando as\u00ed con el perfeccionamiento de nuestros recursos humanos.<\/p>\n\n\n\n<blockquote class=\"wp-block-quote is-layout-flow wp-block-quote-is-layout-flow\">\n<p><strong>Nuestro mayor compromiso es brindar a nuestros pacientes un servicio integral de cuidados intensivos y especializados destinados a mejorar su salud.<\/strong><\/p>\n\n\n\n<div class=\"wp-block-columns is-layout-flex wp-container-core-columns-is-layout-1 wp-block-columns-is-layout-flex\">\n<div class=\"wp-block-column is-layout-flow wp-block-column-is-layout-flow\">\n<p><strong>VISI\u00d3N<\/strong><\/p>\n\n\n\n<p>Ser un centro de referencia en el \u00e1rea de salud infantil con altos niveles de complejidad y un centro de formaci\u00f3n e investigaci\u00f3n en pediatr\u00eda.<\/p>\n<\/div>\n\n\n\n<div class=\"wp-block-column is-layout-flow wp-block-column-is-layout-flow\">\n<p><strong>MISI\u00d3N<\/strong><\/p>\n\n\n\n<p>Ofrecer servicios de atenci\u00f3n m\u00e9dica especializada a la poblaci\u00f3n infantil, bajo principios \u00e9ticos, seguridad y calidez humana para contribuir a la r\u00e1pida recuperaci\u00f3n de la salud de los pacientes hospitalizados, procurando un trato personalizado con la familia y el ni\u00f1o.<\/p>\n<\/div>\n\n\n\n<div class=\"wp-block-column is-layout-flow wp-block-column-is-layout-flow\">\n<p><strong>VALORES<\/strong><\/p>\n\n\n\n<p>. Profesionalidad<br>. Solidaridad<br>. Humanidad<br>. Responsabilidad<\/p>\n<\/div>\n<\/div>\n\n\n\n<p><\/p>\n<\/blockquote>\n","protected":false},"excerpt":{"rendered":"<p>Inaugurado en febrero del 2011, equipado para ofrecer, con eficacia y excelencia una r\u00e1pida resoluci\u00f3n de todos los problemas cl\u00ednicos y quir\u00fargicos del \u00e1rea infantil desde la m\u00e1s baja hasta la m\u00e1s alta complejidad. El Servicio de Pediatr\u00eda est\u00e1 abierto a m\u00e1s de 40 obras sociales de todo el pa\u00eds. Actualmente, el plantel profesional est\u00e1 [&hellip;]<\/p>\n","protected":false},"author":1,"featured_media":0,"parent":0,"menu_order":0,"comment_status":"closed","ping_status":"closed","template":"","meta":{"footnotes":""},"_links":{"self":[{"href":"https:\/\/www.sepyn.com.ar\/public_html\/wp-json\/wp\/v2\/pages\/340"}],"collection":[{"href":"https:\/\/www.sepyn.com.ar\/public_html\/wp-json\/wp\/v2\/pages"}],"about":[{"href":"https:\/\/www.sepyn.com.ar\/public_html\/wp-json\/wp\/v2\/types\/page"}],"author":[{"embeddable":true,"href":"https:\/\/www.sepyn.com.ar\/public_html\/wp-json\/wp\/v2\/users\/1"}],"replies":[{"embeddable":true,"href":"https:\/\/www.sepyn.com.ar\/public_html\/wp-json\/wp\/v2\/comments?post=340"}],"version-history":[{"count":1,"href":"https:\/\/www.sepyn.com.ar\/public_html\/wp-json\/wp\/v2\/pages\/340\/revisions"}],"predecessor-version":[{"id":341,"href":"https:\/\/www.sepyn.com.ar\/public_html\/wp-json\/wp\/v2\/pages\/340\/revisions\/341"}],"wp:attachment":[{"href":"https:\/\/www.sepyn.com.ar\/public_html\/wp-json\/wp\/v2\/media?parent=340"}],"curies":[{"name":"wp","href":"https:\/\/api.w.org\/{rel}","templated":true}]}}